{"id":629,"date":"2022-09-29T10:27:32","date_gmt":"2022-09-29T08:27:32","guid":{"rendered":"https:\/\/lehners-barbian.de\/?page_id=629"},"modified":"2022-09-29T10:27:32","modified_gmt":"2022-09-29T08:27:32","slug":"datenschutzerklaerung-2","status":"publish","type":"page","link":"https:\/\/lehners-barbian.de\/?page_id=629","title":{"rendered":"Datenschutzerkl\u00e4rung"},"content":{"rendered":"\n<h1 class=\"wp-block-heading\">Datenschutzerkl\u00e4rung<\/h1>\n\n\n\n<p>Verantwortliche Stelle im Sinne der Datenschutzgesetze, insbesondere der EU-Datenschutzgrundverordnung (DSGVO), sowie \u00a755 des Rundfunk-Staatsvertrages ist:<\/p>\n\n\n\n<p>Dipl. Geol. Lukas Lehners<br>Dipl. Ing. Janine Barbian<br>Partnerschaftsgesellschaft Lehners und Barbian<br>PartGmbB PR 36, Amtsgericht Saarbr\u00fccken<br>Anschrift: Rastpfuhl 1,66113 Saarbr\u00fccken<br>Telefon: +49 681 948820<br>Telefax: +49 681 9488220<br>E-Mail: <a href=\"javascript:linkTo_UnCryptMailto('thpsav1pumvGsloulyz4ihyiphu5kl');\">info(at)lehners-barbian.de<\/a><br><br><\/p>\n\n\n\n<h3 class=\"wp-block-heading\">Ihre Betroffenenrechte<\/h3>\n\n\n\n<p>Unter den angegebenen Kontaktdaten unseres Datenschutzbeauftragten k\u00f6nnen Sie jederzeit folgende Rechte aus\u00fcben:<\/p>\n\n\n\n<ul class=\"wp-block-list\"><li>Auskunft \u00fcber Ihre bei uns gespeicherten Daten und deren Verarbeitung,<\/li><li>Berichtigung unrichtiger personenbezogener Daten,<\/li><li>L\u00f6schung Ihrer bei uns gespeicherten Daten,<\/li><li>Einschr\u00e4nkung der Datenverarbeitung, sofern wir Ihre Daten aufgrund gesetzlicher Pflichten noch nicht l\u00f6schen d\u00fcrfen,<\/li><li>Widerspruch gegen die Verarbeitung Ihrer Daten bei uns und<\/li><li>Daten\u00fcbertragbarkeit, sofern Sie in die Datenverarbeitung eingewilligt haben oder einen Vertrag mit uns abgeschlossen haben.<\/li><\/ul>\n\n\n\n<p>Sofern Sie uns eine Einwilligung erteilt haben, k\u00f6nnen Sie diese jederzeit mit Wirkung f\u00fcr die Zukunft widerrufen.<\/p>\n\n\n\n<p>Sie k\u00f6nnen sich jederzeit mit einer Beschwerde an die f\u00fcr Sie zust\u00e4ndige Aufsichtsbeh\u00f6rde wenden. Ihre zust\u00e4ndige Aufsichtsbeh\u00f6rde richtet sich nach dem Bundesland Ihres Wohnsitzes, Ihrer Arbeit oder der mutma\u00dflichen Verletzung. Eine Liste der Aufsichtsbeh\u00f6rden (f\u00fcr den nicht\u00f6ffentlichen Bereich) mit Anschrift finden Sie unter: <a rel=\"noreferrer noopener\" target=\"_blank\" href=\"https:\/\/www.bfdi.bund.de\/DE\/Infothek\/Anschriften_Links\/anschriften_links-node.html\"><\/a><a href=\"https:\/\/www.bfdi.bund.de\/DE\/Infothek\/Anschriften_Links\/anschriften_links-node.html\" target=\"_blank\" rel=\"noreferrer noopener\">www.bfdi.bund.de\/DE\/Infothek\/Anschriften_Links\/anschriften_links-node.html<\/a>.<br><br><\/p>\n\n\n\n<h3 class=\"wp-block-heading\">Zwecke der Datenverarbeitung durch die verantwortliche Stelle und Dritte<\/h3>\n\n\n\n<p>Wir verarbeiten Ihre personenbezogenen Daten nur zu den in dieser Datenschutzerkl\u00e4rung genannten Zwecken. Eine \u00dcbermittlung Ihrer pers\u00f6nlichen Daten an Dritte zu anderen als den genannten Zwecken findet nicht statt. Wir geben Ihre pers\u00f6nlichen Daten nur an Dritte weiter, wenn:<\/p>\n\n\n\n<ul class=\"wp-block-list\"><li>Sie Ihre ausdr\u00fcckliche Einwilligung dazu erteilt haben,<\/li><li>die Verarbeitung zur Abwicklung eines Vertrags mit Ihnen erforderlich ist,<\/li><li>die Verarbeitung zur Erf\u00fcllung einer rechtlichen Verpflichtung erforderlich ist,<\/li><\/ul>\n\n\n\n<p>die Verarbeitung zur Wahrung berechtigter Interessen erforderlich ist und kein Grund zur Annahme besteht, dass Sie ein \u00fcberwiegendes schutzw\u00fcrdiges Interesse an der Nichtweitergabe Ihrer Daten haben.<br><br><\/p>\n\n\n\n<h3 class=\"wp-block-heading\">Erfassung allgemeiner Informationen beim Besuch unserer Website<\/h3>\n\n\n\n<p>Wenn Sie auf unsere Website zugreifen, werden automatisch mittels eines Cookies Informationen allgemeiner Natur erfasst. Diese Informationen (Server-Logfiles) beinhalten etwa die Art des Webbrowsers, das verwendete Betriebssystem, den Domainnamen Ihres Internet-Service-Providers und \u00e4hnliches. Hierbei handelt es sich ausschlie\u00dflich um Informationen, welche keine R\u00fcckschl\u00fcsse auf Ihre Person zulassen.<\/p>\n\n\n\n<p>Diese Informationen sind technisch notwendig, um von Ihnen angeforderte Inhalte von Webseiten korrekt auszuliefern und fallen bei Nutzung des Internets zwingend an. Sie werden insbesondere zu folgenden Zwecken verarbeitet:<\/p>\n\n\n\n<ul class=\"wp-block-list\"><li>Sicherstellung eines problemlosen Verbindungsaufbaus der Website,<\/li><li>Sicherstellung einer reibungslosen Nutzung unserer Website,<\/li><li>Auswertung der Systemsicherheit und -stabilit\u00e4t sowie<\/li><li>zu weiteren administrativen Zwecken.<\/li><\/ul>\n\n\n\n<p>Die Verarbeitung Ihrer personenbezogenen Daten basiert auf unserem berechtigten Interesse aus den vorgenannten Zwecken zur Datenerhebung. Wir verwenden Ihre Daten nicht, um R\u00fcckschl\u00fcsse auf Ihre Person zu ziehen. Empf\u00e4nger der Daten sind nur die verantwortliche Stelle und ggf. Auftragsverarbeiter.<\/p>\n\n\n\n<p>Anonyme Informationen dieser Art werden von uns ggfs. statistisch ausgewertet, um unseren Internetauftritt und die dahinterstehende Technik zu optimieren.<\/p>\n\n\n\n<p>F\u00fcr die nur informatorische Nutzung unseres Internetauftritts ist es grunds\u00e4tzlich nicht erforderlich, dass Sie personenbezogene Daten angeben. Vielmehr erheben und verwenden wir in diesem Fall nur diejenigen Ihrer Daten, die uns Ihr Internetbrowser automatisch \u00fcbermittelt, wie etwa:<\/p>\n\n\n\n<p>\u2022 Datum und Uhrzeit des Abrufs einer unserer Internetseiten<br>\u2022 Ihren Browsertyp<br>\u2022 die Browser-Einstellungen<br>\u2022 das verwendete Betriebssystem<br>\u2022 die von Ihnen zuletzt besuchte Seite<br>\u2022 die \u00fcbertragene Datenmenge und der Zugriffsstatus (Datei \u00fcbertragen, Datei nicht gefunden etc.) sowie<br>\u2022 Ihre IP-Adresse.<\/p>\n\n\n\n<p>Diese Daten erheben und verwenden wir bei einem informatorischen Besuch ausschlie\u00dflich in nicht-personenbezogener Form. Dies erfolgt, um die Nutzung der von Ihnen abgerufenen Internetseiten \u00fcberhaupt zu erm\u00f6glichen, zu statistischen Zwecken sowie zur Verbesserung unseres Internetangebots. Die IP-Adresse speichern wir nur f\u00fcr die Dauer Ihres Besuchs, eine personenbezogene Auswertung findet nicht statt. Eine Zusammenf\u00fchrung dieser Daten mit anderen Datenquellen wird nicht vorgenommen, die Daten werden zudem nach einer statistischen Auswertung gel\u00f6scht. Dies ist nach der Entscheidung des Europ\u00e4ischen Gerichtshofs vom 19.10.2016 (Az.: C 582\/14) auch in Anbetracht des Telemediengesetzes zul\u00e4ssig.<br><br><\/p>\n\n\n\n<h3 class=\"wp-block-heading\">L\u00f6schung bzw. Sperrung der Daten<\/h3>\n\n\n\n<p>Wir halten uns an die Grunds\u00e4tze der Datenvermeidung und Datensparsamkeit. Wir speichern Ihre personenbezogenen Daten daher nur so lange, wie dies zur Erreichung der hier genannten Zwecke erforderlich ist oder wie es die vom Gesetzgeber vorgesehenen vielf\u00e4ltigen Speicherfristen vorsehen. Nach Fortfall des jeweiligen Zweckes bzw. Ablauf dieser Fristen werden die entsprechenden Daten routinem\u00e4\u00dfig und entsprechend den gesetzlichen Vorschriften gesperrt oder gel\u00f6scht.<br><br><\/p>\n\n\n\n<h3 class=\"wp-block-heading\">Cookies<\/h3>\n\n\n\n<p>Wie viele andere Webseiten verwenden wir auch so genannte \u201eCookies\u201c. Cookies sind kleine Textdateien, die von einem Websiteserver auf Ihre Festplatte \u00fcbertragen werden. Hierdurch erhalten wir automatisch bestimmte Daten wie z. B. IP-Adresse, verwendeter Browser, Betriebssystem und Ihre Verbindung zum Internet.<\/p>\n\n\n\n<p>Cookies k\u00f6nnen nicht verwendet werden, um Programme zu starten oder Viren auf einen Computer zu \u00fcbertragen. Anhand der in Cookies enthaltenen Informationen k\u00f6nnen wir Ihnen die Navigation erleichtern und die korrekte Anzeige unserer Webseiten erm\u00f6glichen.<\/p>\n\n\n\n<p>In keinem Fall werden die von uns erfassten Daten an Dritte weitergegeben oder ohne Ihre Einwilligung eine Verkn\u00fcpfung mit personenbezogenen Daten hergestellt.<\/p>\n\n\n\n<p>Nat\u00fcrlich k\u00f6nnen Sie unsere Website grunds\u00e4tzlich auch ohne Cookies betrachten. Internet-Browser sind regelm\u00e4\u00dfig so eingestellt, dass sie Cookies akzeptieren. Im Allgemeinen k\u00f6nnen Sie die Verwendung von Cookies jederzeit \u00fcber die Einstellungen Ihres Browsers deaktivieren. Bitte verwenden Sie die Hilfefunktionen Ihres Internetbrowsers, um zu erfahren, wie Sie diese Einstellungen \u00e4ndern k\u00f6nnen. Bitte beachten Sie, dass einzelne Funktionen unserer Website m\u00f6glicherweise nicht funktionieren, wenn Sie die Verwendung von Cookies deaktiviert haben.<br><br><\/p>\n\n\n\n<h3 class=\"wp-block-heading\">Verwendung von Matomo<\/h3>\n\n\n\n<p>Diese Website benutzt Matomo (ehemals Piwik), eine Open-Source-Software zur statistischen Auswertung von Besucherzugriffen. Matomo verwendet sog. Cookies, also Textdateien, die auf Ihrem Computer gespeichert werden und die eine Analyse der Benutzung der Website durch Sie erm\u00f6glichen.<\/p>\n\n\n\n<p>Zu diesem Zweck werden die durch den Cookie erzeugten Informationen (einschlie\u00dflich Ihrer gek\u00fcrzten IP-Adresse) an den Server, auf dem unsere Webseite gehostet wird, \u00fcbertragen und zu Nutzungsanalysezwecken gespeichert. Der Serverstandort ist Deutschland. Ihre IP-Adresse wird sofort nach der Verarbeitung und vor deren Speicherung anonymisiert. Es werden 2 Byte Ihrer IP-Adresse maskiert, was den letzten sechs Stellen entspricht.<br><\/p>\n\n\n\n<p>Die durch den Cookie erzeugten Informationen \u00fcber Ihre Benutzung unserer Webseite werden nicht an Dritte weitergegeben. Sie k\u00f6nnen die Verwendung der Cookies durch eine entsprechende Einstellung Ihres Browsers verhindern. Es kann jedoch sein, dass Sie in diesem Fall nicht s\u00e4mtliche Funktionen dieser Webseite voll umf\u00e4nglich nutzen k\u00f6nnen.<\/p>\n\n\n\n<p>Sie k\u00f6nnen sich entscheiden, ob in Ihrem Browser ein eindeutiger Webanalyse-Cookie abgelegt werden darf, um dem Betreiber der Webseite die Erfassung und Analyse verschiedener statistischer Daten zu erm\u00f6glichen.<\/p>\n\n\n\n<h3 class=\"wp-block-heading\"><br>Verwendung von Google Maps<\/h3>\n\n\n\n<p>Diese Webseite verwendet Google Maps API, um geographische Informationen visuell darzustellen. Bei der Nutzung von Google Maps werden von Google auch Daten \u00fcber die Nutzung der Kartenfunktionen durch Besucher erhoben, verarbeitet und genutzt. N\u00e4here Informationen \u00fcber die Datenverarbeitung durch Google k\u00f6nnen Sie <a rel=\"noreferrer noopener\" target=\"_blank\" href=\"http:\/\/www.google.com\/privacypolicy.html\">den Google-Datenschutzhinweisen<\/a> entnehmen. Dort k\u00f6nnen Sie im Datenschutzcenter auch Ihre pers\u00f6nlichen Datenschutz-Einstellungen ver\u00e4ndern.<\/p>\n\n\n\n<p>Ausf\u00fchrliche Anleitungen zur Verwaltung der eigenen Daten im Zusammenhang mit Google-Produkten<a rel=\"noreferrer noopener\" target=\"_blank\" href=\"http:\/\/www.dataliberation.org\/\"> finden Sie hier<\/a>.<br><br><\/p>\n\n\n\n<h3 class=\"wp-block-heading\">\u00c4nderung unserer Datenschutzbestimmungen<\/h3>\n\n\n\n<p>Wir behalten uns vor, diese Datenschutzerkl\u00e4rung anzupassen, damit sie stets den aktuellen rechtlichen Anforderungen entspricht oder um \u00c4nderungen unserer Leistungen in der Datenschutzerkl\u00e4rung umzusetzen, z.B. bei der Einf\u00fchrung neuer Services. F\u00fcr Ihren erneuten Besuch gilt dann die neue Datenschutzerkl\u00e4rung.<\/p>\n\n\n\n<h3 class=\"wp-block-heading\">Fragen an den Datenschutzbeauftragten<\/h3>\n\n\n\n<p>Wenn Sie Fragen zum Datenschutz haben, schreiben Sie uns bitte eine E-Mail oder wenden Sie sich direkt an die f\u00fcr den Datenschutz verantwortliche Person in unserer Organisation:<\/p>\n\n\n\n<p><a href=\"javascript:linkTo_UnCryptMailto('thpsav1khaluzjobagilhbmayhnalyGsloulyz4ihyiphu5kl');\">datenschutzbeauftragter(at)lehners-barbian.de<\/a><br><br><\/p>\n\n\n\n<p>Die Datenschutzerkl\u00e4rung wurde mit Hilfe des <a rel=\"noreferrer noopener\" target=\"_blank\" href=\"https:\/\/www.activemind.de\/datenschutz\/datenschutzhinweis-generator\/\">Datenschutzerkl\u00e4rungs-Generators der activeMind AG erstellt<\/a>.<\/p>\n","protected":false},"excerpt":{"rendered":"<p>Datenschutzerkl\u00e4rung Verantwortliche Stelle im Sinne der Datenschutzgesetze, insbesondere der EU-Datenschutzgrundverordnung (DSGVO), sowie \u00a755 des Rundfunk-Staatsvertrages ist: Dipl. Geol. Lukas LehnersDipl. Ing. Janine BarbianPartnerschaftsgesellschaft Lehners und BarbianPartGmbB PR 36, Amtsgericht Saarbr\u00fcckenAnschrift: Rastpfuhl 1,66113 Saarbr\u00fcckenTelefon: +49 681 948820Telefax: +49 681 9488220E-Mail: info(at)lehners-barbian.de Ihre Betroffenenrechte Unter den angegebenen Kontaktdaten unseres Datenschutzbeauftragten k\u00f6nnen Sie jederzeit folgende Rechte aus\u00fcben: Auskunft &hellip; <\/p>\n<p class=\"link-more\"><a href=\"https:\/\/lehners-barbian.de\/?page_id=629\" class=\"more-link\">Mehr <span class=\"screen-reader-text\">\u00fcber &#8222;Datenschutzerkl\u00e4rung&#8220; <\/span>Lesen<\/a><\/p>\n","protected":false},"author":2,"featured_media":0,"parent":0,"menu_order":0,"comment_status":"closed","ping_status":"closed","template":"","meta":{"footnotes":""},"class_list":["post-629","page","type-page","status-publish","hentry"],"_links":{"self":[{"href":"https:\/\/lehners-barbian.de\/index.php?rest_route=\/wp\/v2\/pages\/629","targetHints":{"allow":["GET"]}}],"collection":[{"href":"https:\/\/lehners-barbian.de\/index.php?rest_route=\/wp\/v2\/pages"}],"about":[{"href":"https:\/\/lehners-barbian.de\/index.php?rest_route=\/wp\/v2\/types\/page"}],"author":[{"embeddable":true,"href":"https:\/\/lehners-barbian.de\/index.php?rest_route=\/wp\/v2\/users\/2"}],"replies":[{"embeddable":true,"href":"https:\/\/lehners-barbian.de\/index.php?rest_route=%2Fwp%2Fv2%2Fcomments&post=629"}],"version-history":[{"count":1,"href":"https:\/\/lehners-barbian.de\/index.php?rest_route=\/wp\/v2\/pages\/629\/revisions"}],"predecessor-version":[{"id":630,"href":"https:\/\/lehners-barbian.de\/index.php?rest_route=\/wp\/v2\/pages\/629\/revisions\/630"}],"wp:attachment":[{"href":"https:\/\/lehners-barbian.de\/index.php?rest_route=%2Fwp%2Fv2%2Fmedia&parent=629"}],"curies":[{"name":"wp","href":"https:\/\/api.w.org\/{rel}","templated":true}]}}